{"version":"1.0","provider_name":"Az \u00d6kumenikus Seg\u00e9lyszervezet Ukrajn\u00e1ban","provider_url":"https:\/\/ukraine.hia.hu\/hu\/","author_name":"HIA","author_url":"https:\/\/ukraine.hia.hu\/hu\/author\/help_uk_2022\/","title":"A viszontl\u00e1t\u00e1s \u00f6r\u00f6me | Az \u00d6kumenikus Seg\u00e9lyszervezet Ukrajn\u00e1ban","type":"rich","width":600,"height":338,"html":"<blockquote class=\"wp-embedded-content\" data-secret=\"MJfZt3TSj0\"><a href=\"https:\/\/ukraine.hia.hu\/hu\/a-viszontlatas-orome\/\">A viszontl\u00e1t\u00e1s \u00f6r\u00f6me<\/a><\/blockquote><iframe sandbox=\"allow-scripts\" security=\"restricted\" src=\"https:\/\/ukraine.hia.hu\/hu\/a-viszontlatas-orome\/embed\/#?secret=MJfZt3TSj0\" width=\"600\" height=\"338\" title=\"&#8220;A viszontl\u00e1t\u00e1s \u00f6r\u00f6me&#8221; &#8212; Az \u00d6kumenikus Seg\u00e9lyszervezet Ukrajn\u00e1ban\" data-secret=\"MJfZt3TSj0\" frameborder=\"0\" marginwidth=\"0\" marginheight=\"0\" scrolling=\"no\" class=\"wp-embedded-content\"><\/iframe><script>\n\/*! This file is auto-generated *\/\n!function(d,l){\"use strict\";l.querySelector&&d.addEventListener&&\"undefined\"!=typeof URL&&(d.wp=d.wp||{},d.wp.receiveEmbedMessage||(d.wp.receiveEmbedMessage=function(e){var t=e.data;if((t||t.secret||t.message||t.value)&&!\/[^a-zA-Z0-9]\/.test(t.secret)){for(var s,r,n,a=l.querySelectorAll('iframe[data-secret=\"'+t.secret+'\"]'),o=l.querySelectorAll('blockquote[data-secret=\"'+t.secret+'\"]'),c=new RegExp(\"^https?:$\",\"i\"),i=0;i<o.length;i++)o[i].style.display=\"none\";for(i=0;i<a.length;i++)s=a[i],e.source===s.contentWindow&&(s.removeAttribute(\"style\"),\"height\"===t.message?(1e3<(r=parseInt(t.value,10))?r=1e3:~~r<200&&(r=200),s.height=r):\"link\"===t.message&&(r=new URL(s.getAttribute(\"src\")),n=new URL(t.value),c.test(n.protocol))&&n.host===r.host&&l.activeElement===s&&(d.top.location.href=t.value))}},d.addEventListener(\"message\",d.wp.receiveEmbedMessage,!1),l.addEventListener(\"DOMContentLoaded\",function(){for(var e,t,s=l.querySelectorAll(\"iframe.wp-embedded-content\"),r=0;r<s.length;r++)(t=(e=s[r]).getAttribute(\"data-secret\"))||(t=Math.random().toString(36).substring(2,12),e.src+=\"#?secret=\"+t,e.setAttribute(\"data-secret\",t)),e.contentWindow.postMessage({message:\"ready\",secret:t},\"*\")},!1)))}(window,document);\n<\/script>\n","thumbnail_url":"https:\/\/ukraine.hia.hu\/wp-content\/uploads\/Lydia-and-niece-scaled.jpg","thumbnail_width":2560,"thumbnail_height":1440,"description":"&#8222;\u00d3, Angyal, \u00f6lelj \u00e1t minket sz\u00e1rnyaiddal, Isten Anyja, \u00e1ldj meg mindenkit k\u00f6ny\u00f6r\u00fcleteddel, Csal\u00e1djainkban legyen szeretet \u00e9s megbecs\u00fcl\u00e9s, Bar\u00e1tainkra mindig el\u00e9g figyelmet ford\u00edtsunk. Adj nek\u00fcnk tart\u00f3s eg\u00e9szs\u00e9get \u00e9s el\u00e9gedetts\u00e9get, Adj nek\u00fcnk j\u00f3l\u00e9tet, b\u00e9k\u00e9t \u00e9s boldogs\u00e1got, Sz\u00edv\u00fcnkb\u0151l tegy\u00e9l lak\u00f3helyet a j\u00f3s\u00e1gnak.&#8221; Ezt a verset szavalta L\u00eddia a Rokytne-i k\u00f6z\u00f6ss\u00e9gi h\u00e1z zs\u00fafolt, hideg helyis\u00e9g\u00e9ben. Az \u00d6kumenikus Seg\u00e9lyszervezet munkat\u00e1rsai..."}