{"version":"1.0","provider_name":"Az \u00d6kumenikus Seg\u00e9lyszervezet Ukrajn\u00e1ban","provider_url":"https:\/\/ukraine.hia.hu\/hu\/","author_name":"HIA","author_url":"https:\/\/ukraine.hia.hu\/hu\/author\/help_uk_2022\/","title":"BESZ\u00c1MOL\u00d3 \u2013 2022. NOVEMBER 22. | Az \u00d6kumenikus Seg\u00e9lyszervezet Ukrajn\u00e1ban","type":"rich","width":600,"height":338,"html":"<blockquote class=\"wp-embedded-content\" data-secret=\"NtLmaGtWUA\"><a href=\"https:\/\/ukraine.hia.hu\/hu\/beszamolo-2022-november-22\/\">BESZ\u00c1MOL\u00d3 \u2013 2022. NOVEMBER 22.<\/a><\/blockquote><iframe sandbox=\"allow-scripts\" security=\"restricted\" src=\"https:\/\/ukraine.hia.hu\/hu\/beszamolo-2022-november-22\/embed\/#?secret=NtLmaGtWUA\" width=\"600\" height=\"338\" title=\"&#8220;BESZ\u00c1MOL\u00d3 \u2013 2022. NOVEMBER 22.&#8221; &#8212; Az \u00d6kumenikus Seg\u00e9lyszervezet Ukrajn\u00e1ban\" data-secret=\"NtLmaGtWUA\" frameborder=\"0\" marginwidth=\"0\" marginheight=\"0\" scrolling=\"no\" class=\"wp-embedded-content\"><\/iframe><script>\n\/*! This file is auto-generated *\/\n!function(d,l){\"use strict\";l.querySelector&&d.addEventListener&&\"undefined\"!=typeof URL&&(d.wp=d.wp||{},d.wp.receiveEmbedMessage||(d.wp.receiveEmbedMessage=function(e){var t=e.data;if((t||t.secret||t.message||t.value)&&!\/[^a-zA-Z0-9]\/.test(t.secret)){for(var s,r,n,a=l.querySelectorAll('iframe[data-secret=\"'+t.secret+'\"]'),o=l.querySelectorAll('blockquote[data-secret=\"'+t.secret+'\"]'),c=new RegExp(\"^https?:$\",\"i\"),i=0;i<o.length;i++)o[i].style.display=\"none\";for(i=0;i<a.length;i++)s=a[i],e.source===s.contentWindow&&(s.removeAttribute(\"style\"),\"height\"===t.message?(1e3<(r=parseInt(t.value,10))?r=1e3:~~r<200&&(r=200),s.height=r):\"link\"===t.message&&(r=new URL(s.getAttribute(\"src\")),n=new URL(t.value),c.test(n.protocol))&&n.host===r.host&&l.activeElement===s&&(d.top.location.href=t.value))}},d.addEventListener(\"message\",d.wp.receiveEmbedMessage,!1),l.addEventListener(\"DOMContentLoaded\",function(){for(var e,t,s=l.querySelectorAll(\"iframe.wp-embedded-content\"),r=0;r<s.length;r++)(t=(e=s[r]).getAttribute(\"data-secret\"))||(t=Math.random().toString(36).substring(2,12),e.src+=\"#?secret=\"+t,e.setAttribute(\"data-secret\",t)),e.contentWindow.postMessage({message:\"ready\",secret:t},\"*\")},!1)))}(window,document);\n<\/script>\n","thumbnail_url":"https:\/\/ukraine.hia.hu\/wp-content\/uploads\/DSC07461-1-scaled.jpg","thumbnail_width":2560,"thumbnail_height":1440,"description":"A Seg\u00e9lyszervezet egy \u00faj projekt keret\u00e9ben egy\u00fcttm\u0171k\u00f6dik az Ukraine Humanitarian Fund-dal, melynek c\u00e9lja, hogy az ukrajnai h\u00e1bor\u00fa \u00e1ltal \u00e9rintett embereknek m\u00f3dszeres \u00e9s \u00e9letment\u0151, t\u00f6bb \u00e1gazatot \u00e1tfog\u00f3 seg\u00edts\u00e9get ny\u00fajtson, k\u00fcl\u00f6n\u00f6s tekintettel az elm\u00falt h\u00f3napokban megsz\u00e1ll\u00e1s al\u00f3l kiker\u00fcl\u0151 ter\u00fcletek sz\u00fcks\u00e9gleteire. Harkiv megy\u00e9ben 300 h\u00e1ztart\u00e1s r\u00e9szes\u00fcl fel\u00faj\u00edt\u00e1si t\u00e1mogat\u00e1sban, \u00e9s tov\u00e1bbi 500 kap t\u00e9lies\u00edt\u00e9si csomagokat a sz\u00fcks\u00e9gletek felm\u00e9r\u00e9se ut\u00e1n...."}