{"version":"1.0","provider_name":"Az \u00d6kumenikus Seg\u00e9lyszervezet Ukrajn\u00e1ban","provider_url":"https:\/\/ukraine.hia.hu\/hu\/","author_name":"HIA","author_url":"https:\/\/ukraine.hia.hu\/hu\/author\/help_uk_2022\/","title":"Heti besz\u00e1mol\u00f3 - 2022 m\u00e1jus 17. | Az \u00d6kumenikus Seg\u00e9lyszervezet Ukrajn\u00e1ban","type":"rich","width":600,"height":338,"html":"<blockquote class=\"wp-embedded-content\" data-secret=\"EltsKEM70t\"><a href=\"https:\/\/ukraine.hia.hu\/hu\/situation-report-17-may-2022\/\">Heti besz\u00e1mol\u00f3 &#8211; 2022 m\u00e1jus 17.<\/a><\/blockquote><iframe sandbox=\"allow-scripts\" security=\"restricted\" src=\"https:\/\/ukraine.hia.hu\/hu\/situation-report-17-may-2022\/embed\/#?secret=EltsKEM70t\" width=\"600\" height=\"338\" title=\"&#8220;Heti besz\u00e1mol\u00f3 &#8211; 2022 m\u00e1jus 17.&#8221; &#8212; Az \u00d6kumenikus Seg\u00e9lyszervezet Ukrajn\u00e1ban\" data-secret=\"EltsKEM70t\" frameborder=\"0\" marginwidth=\"0\" marginheight=\"0\" scrolling=\"no\" class=\"wp-embedded-content\"><\/iframe><script>\n\/*! This file is auto-generated *\/\n!function(d,l){\"use strict\";l.querySelector&&d.addEventListener&&\"undefined\"!=typeof URL&&(d.wp=d.wp||{},d.wp.receiveEmbedMessage||(d.wp.receiveEmbedMessage=function(e){var t=e.data;if((t||t.secret||t.message||t.value)&&!\/[^a-zA-Z0-9]\/.test(t.secret)){for(var s,r,n,a=l.querySelectorAll('iframe[data-secret=\"'+t.secret+'\"]'),o=l.querySelectorAll('blockquote[data-secret=\"'+t.secret+'\"]'),c=new RegExp(\"^https?:$\",\"i\"),i=0;i<o.length;i++)o[i].style.display=\"none\";for(i=0;i<a.length;i++)s=a[i],e.source===s.contentWindow&&(s.removeAttribute(\"style\"),\"height\"===t.message?(1e3<(r=parseInt(t.value,10))?r=1e3:~~r<200&&(r=200),s.height=r):\"link\"===t.message&&(r=new URL(s.getAttribute(\"src\")),n=new URL(t.value),c.test(n.protocol))&&n.host===r.host&&l.activeElement===s&&(d.top.location.href=t.value))}},d.addEventListener(\"message\",d.wp.receiveEmbedMessage,!1),l.addEventListener(\"DOMContentLoaded\",function(){for(var e,t,s=l.querySelectorAll(\"iframe.wp-embedded-content\"),r=0;r<s.length;r++)(t=(e=s[r]).getAttribute(\"data-secret\"))||(t=Math.random().toString(36).substring(2,12),e.src+=\"#?secret=\"+t,e.setAttribute(\"data-secret\",t)),e.contentWindow.postMessage({message:\"ready\",secret:t},\"*\")},!1)))}(window,document);\n<\/script>\n","thumbnail_url":"https:\/\/ukraine.hia.hu\/wp-content\/uploads\/\u0412\u0435\u0440\u0445\u043e\u0432\u0438\u043d\u0430_2_1.jpg","thumbnail_width":1600,"thumbnail_height":1200,"description":"A Seg\u00e9lyszervezet eddig 676 tonna alapvet\u0151 \u00e9lelmiszercsomagot, nem \u00e9lelmiszercikket \u00e9s eg\u00e9szs\u00e9g\u00fcgyi felszerel\u00e9st tartalmaz\u00f3 seg\u00e9lysz\u00e1ll\u00edtm\u00e1nyt v\u00e1s\u00e1rolt \u00e9s juttatott el az ukrajnai konfliktus \u00e1ldozatainak t\u00e1mogat\u00e1s\u00e1ra, ezen k\u00edv\u00fcl az ukrajnai bels\u0151 menek\u00fcltek sz\u00e1m\u00e1ra sz\u00e1ll\u00e1st, biztons\u00e1gi szolg\u00e1ltat\u00e1sokat, valamint pszichoszoci\u00e1lis \u00e9s utaz\u00e1si t\u00e1mogat\u00e1st ny\u00fajtva, 93,256 szem\u00e9lyt \u00e9rt el Ukrajna 10 megy\u00e9j\u00e9ben. A h\u00e1bor\u00fa s\u00fajtotta orsz\u00e1gban a magyar szervezet, a m\u00e1r..."}